{"id":4582,"date":"2023-04-07T11:43:51","date_gmt":"2023-04-07T11:43:51","guid":{"rendered":"https:\/\/fcrmedia.be\/?page_id=4582"},"modified":"2024-02-20T14:31:11","modified_gmt":"2024-02-20T14:31:11","slug":"partenaire-febelhair","status":"publish","type":"page","link":"https:\/\/fcrmedia.be\/fr\/partenaire-febelhair\/","title":{"rendered":"Febelhair"},"content":{"rendered":"<section id=\"block-hero-block_5f1e85bc0becf79b9b8a802f8966950d\"\n         class=\"c-section c-section--background-white -hero \">\n  <div class=\"c-hero\">\n    <div class=\"container\">\n            <div class=\"c-breadcrumbs\">\n                      <\/div>\n      <div class=\"row\">\n        <div class=\"c-hero__intro-col\">\n                      <h1 class=\"c-hero__title\">Un site web complet pour votre salon de coiffure, <span class=\"u-color-blue\">et plus encore !<\/span><\/h1>\n                                <div class=\"c-hero__description\">\n              <p>Un bon site web est indispensable \u00e0 votre salon de coiffure. Un site web bien con\u00e7u vous permettra d\u2019attirer davantage de clients. Un site web de FCR Media augmente instantan\u00e9ment votre visibilit\u00e9 en ligne et sur mobile, vous fait gagner un temps pr\u00e9cieux, limite le nombre de no-shows et vous aide \u00e0 \u00e9largir votre client\u00e8le.<\/p>\n\n            <\/div>\n          \n          \n                      <div class=\"c-hero__actions\">\n                            \n                            <button class=\"c-button c-button--default c-button--primary js-c-popup-trigger\"\n                      data-popup=\"select-region\">\n\n                  Prendre rendez-vous\n                <\/button>\n                                                                <a href=\"https:\/\/fcrmedia.be\/fr\/parlez-a-un-expert\/\" title=\"Appelez-moi\" \n                     class=\"c-button c-button--default c-button--ghost\">\n                    Appelez-moi\n                  <\/a>\n                                            <\/div>\n                  <\/div>\n        <div class=\"c-hero__pictures-col\">\n          <div class=\"c-hero__pic u-holder\">\n            <svg class=\"c-hero__pic-mask\" viewBox=\"0 0 804 628\" fill=\"none\" xmlns=\"http:\/\/www.w3.org\/2000\/svg\">\n              <path fill-rule=\"evenodd\" clip-rule=\"evenodd\"\n                    d=\"M2.53842 423.564L118.186 0H0V442.317C0.00658443 436.133 0.825492 429.838 2.53842 423.564ZM0 442.467V628H804V0H803.998C803.901 1.17875 803.774 2.36116 803.617 3.54602L729.191 566.233C723.822 606.821 685.448 634.486 645.353 626.674L57.4111 512.115C23.3235 505.473 0.0351169 475.558 0 442.467Z\"\n                    fill=\"white\" stroke=\"white\" stroke-width=\"1\"\/>\n            <\/svg>\n          <\/div>\n          <div class=\"c-hero__image-box\">\n                        <picture>\n              <source type=\"image\/webp\" media=\"(min-width: 1440px)\"\n                      data-srcset=\"https:\/\/fcrmedia.be\/wp-content\/uploads\/2023\/03\/febelhair-lp.webp\">\n              <source type=\"image\/webp\" media=\"(min-width: 1000px)\"\n                      data-srcset=\"https:\/\/fcrmedia.be\/wp-content\/uploads\/2023\/03\/febelhair-lp.webp\">\n              <source type=\"image\/webp\" media=\"(min-width: 480px)\"\n                      data-srcset=\"https:\/\/fcrmedia.be\/wp-content\/uploads\/2023\/03\/febelhair-lp.webp\">\n              <img fetchpriority=\"high\" decoding=\"async\" loading=\"eager\" class=\"c-hero__image\" src=\"https:\/\/fcrmedia.be\/wp-content\/uploads\/2023\/03\/febelhair-lp-600x423.webp\"\n                   alt=\"febelhair hero banner partner kapperszaak\" width=\"947\" height=\"667\">\n            <\/picture>\n                                  <\/div>\n        <\/div>\n      <\/div>\n    <\/div>\n  <\/div>\n<\/section>\n\n      \n              <div class=\"c-popup\" data-popup-id=\"select-region\">\n          <div class=\"c-popup__inner c-popup__inner--big\">\n            <div class=\"c-popup__head\">\n              <h5 class=\"c-popup__title\">Je suis bas\u00e9(e) \u00e0 :<\/h5>\n              <div class=\"c-popup__close js-c-popup-close\">\n                <svg width=\"16\" height=\"16\" viewbox=\"0 0 16 16\" fill=\"none\" xmlns=\"http:\/\/www.w3.org\/2000\/svg\">\n                  <path d=\"M2.66602 13.3332L13.3327 2.6665\" stroke=\"#333333\" stroke-width=\"1.5\" stroke-linecap=\"round\"\n                        stroke-linejoin=\"round\"\/>\n                  <path d=\"M13.3327 13.3332L2.66602 2.6665\" stroke=\"#333333\" stroke-width=\"1.5\" stroke-linecap=\"round\"\n                        stroke-linejoin=\"round\"\/>\n                <\/svg>\n              <\/div>\n            <\/div>\n            <div class=\"c-popup__body\">\n              <div class=\"c-popup__content\">\n                <div class=\"c-popup__region-buttons\">\n                                      <a href=\"https:\/\/calendly.com\/fcr-media-region-bruxelloise\/fcr-media-session-d-information-produit\" title=\"Bruxelles\" target=\"_blank\"\n                       class=\"c-button c-button--default c-button--primary\">\n                      Bruxelles\n                    <\/a>\n                                      <a href=\"https:\/\/calendly.com\/fcr-media-region-wallonne\/fcr-media-session-d-information-produit\" title=\"Wallonie\" target=\"_blank\"\n                       class=\"c-button c-button--default c-button--primary\">\n                      Wallonie\n                    <\/a>\n                                  <\/div>\n              <\/div>\n            <\/div>\n          <\/div>\n        <\/div>\n      \n    \n      \n  \n      \n      \n    \n      \n  \n\n<section id=\"block-two-columns-list-block_7f1bb4e77f7c57342b9ee0d8bb1f399f\"\n         class=\"c-section c-section--background-white -two-columns-list \">\n  <div class=\"c-two-columns-list\">\n    <div class=\"c-two-columns-list__head\">\n      <div class=\"container\">\n                      <\/div>\n    <\/div>\n    <div class=\"c-two-columns-list__body\">\n      <div class=\"container\">\n        <div class=\"grid\">\n\n                    <div class=\"c-two-columns-list__col\">\n            <div class=\"c-two-columns-list__table\">\n              \n                              <h3 class=\"c-two-columns-list__table-title\">TAILL\u00c9 SUR MESURE POUR VOTRE SALON<\/h3>\n              \n              \n                              <div class=\"c-two-columns-list__table-item\">\n                  \n                                    <div class=\"c-two-columns-list__table-item-desc\">\n                                                              <p class=\"c-two-columns-list__table-item-text\">Un site web de FCR Media est livr\u00e9 avec un syst\u00e8me de gestion des clients, un syst\u00e8me de prise de rendez-vous en ligne, des confirmations et des rappels automatiques de rendez-vous, un agenda en ligne, un logiciel de marketing par e-mail et par SMS, un logiciel pour am\u00e9liorer votre visibilit\u00e9 et votre r\u00e9putation en ligne, et bien plus encore !<\/p>\n                                      <\/div>\n\n                              <\/div>\n            \n            \n            \n          <\/div>\n        <\/div><!-- \/.c-two-columns-list__col -->\n                  <div class=\"c-two-columns-list__col\">\n            <div class=\"c-two-columns-list__table\">\n              \n                              <h3 class=\"c-two-columns-list__table-title\">PR\u00c9SENCE EN LIGNE PROFESSIONNELLE ET S\u00c9CURIS\u00c9E AVEC UN SITE WEB SUR MESURE<\/h3>\n              \n              \n                              <div class=\"c-two-columns-list__table-item\">\n                  \n                                    <div class=\"c-two-columns-list__table-item-desc\">\n                                                              <p class=\"c-two-columns-list__table-item-text\">Vous souhaitez \u00e9videmment que votre site web attire l\u2019attention et convertisse vos visiteurs en clients. Nous assurons une mise en page claire et professionnelle adapt\u00e9e \u00e0 tous les appareils, cr\u00e9ons un contenu pertinent pour votre site web, r\u00e9digeons des textes appropri\u00e9s et engageants que les moteurs de recherche appr\u00e9cient \u00e9galement, et pr\u00e9voyons des liens vers les r\u00e9seaux sociaux ainsi qu\u2019un syst\u00e8me de prise de rendez-vous en ligne.<\/p>\n                                      <\/div>\n\n                              <\/div>\n            \n            \n            \n          <\/div>\n        <\/div><!-- \/.c-two-columns-list__col -->\n        \n      <\/div>\n    <\/div><!-- \/.grid -->\n  <\/div>\n  <\/div>\n  <\/div>\n<\/section>\n\n<section id=\"block-usps-block_9ec743cee4ce05e4e90fe13c450085eb\"\n         class=\"c-section c-section--background-darker-blue -usps \">\n  <div class=\"c-usps\">\n    <div class=\"container\">\n      <div class=\"grid\">\n                  <div class=\"c-usps__col\">\n            <div class=\"c-usps__item\">\n                              <div class=\"c-usps__item-icon\">\n                  <img loading=\"lazy\" decoding=\"async\" src=\"https:\/\/fcrmedia.be\/wp-content\/uploads\/2021\/11\/icon-shop.svg\" alt=\"icon-shop\" width=\"32\"\n                       height=\"32\">\n                <\/div>\n                                            <div class=\"c-usps__item-label\">Tout pour votre salon de coiffure<\/div>\n                          <\/div>\n          <\/div>\n                  <div class=\"c-usps__col\">\n            <div class=\"c-usps__item\">\n                              <div class=\"c-usps__item-icon\">\n                  <img loading=\"lazy\" decoding=\"async\" src=\"https:\/\/fcrmedia.be\/wp-content\/uploads\/2021\/10\/Persoonlijk.svg\" alt=\"Persoonlijk\" width=\"32\"\n                       height=\"32\">\n                <\/div>\n                                            <div class=\"c-usps__item-label\">Approche personnelle et locale<\/div>\n                          <\/div>\n          <\/div>\n                  <div class=\"c-usps__col\">\n            <div class=\"c-usps__item\">\n                              <div class=\"c-usps__item-icon\">\n                  <img loading=\"lazy\" decoding=\"async\" src=\"https:\/\/fcrmedia.be\/wp-content\/uploads\/2021\/10\/Budget.svg\" alt=\"Budget\" width=\"32\"\n                       height=\"32\">\n                <\/div>\n                                            <div class=\"c-usps__item-label\">Pour chaque budget<\/div>\n                          <\/div>\n          <\/div>\n              <\/div>\n    <\/div>\n  <\/div>\n<\/section>\n\n<section id=\"block-rich-text-image-block_a1543294750147c8a59ff3742c29de15\"\n         class=\"c-section c-section--background-lighter-blue -rich-text-image \">\n  <div class=\"c-rich-text-image c-rich-text-image--reverse\">\n    <div class=\"container\">\n      <div class=\"grid\">\n        <div class=\"c-rich-text-image__col\">\n          <div class=\"c-rich-text-image__info\">\n            <div class=\"c-icon\">\n                              <img class=\"u-lazy\" data-src=\"https:\/\/fcrmedia.be\/wp-content\/uploads\/2021\/10\/icon-desktop.svg\" alt=\"icon-desktop\" width=\"32\" height=\"32\">\n                          <\/div>\n                          <h2 class=\"c-rich-text-image__title\">AGENDA ET RENDEZ-VOUS<\/h2>\n                      <\/div>\n                      <div class=\"c-rich-text-image__desc\">\n              <p>G\u00e9rez votre agenda et permettez \u00e0 vos clients de prendre facilement rendez-vous en ligne<\/p>\n<p>Consultez votre agenda en ligne \u00e0 tout moment et n\u2019importe o\u00f9, planifiez facilement de nouveaux rendez-vous et recevez des r\u00e9servations en ligne gr\u00e2ce \u00e0 notre logiciel de calendrier et de prise de rendez-vous pratique. Gardez une vue d\u2019ensemble sur votre agenda, limitez le nombre de no-shows et organisez efficacement votre planning et celui de votre \u00e9quipe.<\/p>\n\n            <\/div>\n                                <div class=\"c-rich-text-image__action\">\n              <a href=\"https:\/\/fcrmedia.be\/fr\/service\/site-web\/\" title=\"Je veux investir dans un site web\" \n                 class=\"c-button c-button--default c-button--primary\">\n                Je veux investir dans un site web\n              <\/a>\n            <\/div>\n                  <\/div>\n        <div class=\"c-rich-text-image__col\">\n          <div class=\"c-rich-text-image__pic\">\n                                      <div class=\"c-rich-text-image__img-big \">\n                <picture>\n                  <source type=\"image\/jpeg\" media=\"(min-width: 1440px)\"\n                          data-srcset=\"https:\/\/fcrmedia.be\/wp-content\/uploads\/2023\/07\/Kalender_planning_afspraken-2.jpg\">\n                  <source type=\"image\/jpeg\" media=\"(min-width: 1000px)\"\n                          data-srcset=\"https:\/\/fcrmedia.be\/wp-content\/uploads\/2023\/07\/Kalender_planning_afspraken-2.jpg\">\n                  <source type=\"image\/jpeg\" media=\"(min-width: 480px)\"\n                          data-srcset=\"https:\/\/fcrmedia.be\/wp-content\/uploads\/2023\/07\/Kalender_planning_afspraken-2.jpg\">\n                  <img class=\"c-image-mask c-image-mask--angle-cw u-lazy \"\n                       data-src=\"https:\/\/fcrmedia.be\/wp-content\/uploads\/2023\/07\/Kalender_planning_afspraken-2.jpg\" alt=\"Kalender_planning_afspraken_sitee\"\n                       width=\"2000\" height=\"2000\">\n                <\/picture>\n              <\/div>\n                                  <\/div>\n        <\/div>\n      <\/div>\n    <\/div>\n  <\/div>\n<\/section>\n\n<section id=\"block-rich-text-image-block_9fe4e1e1983c0b3a13ca52cdf918aea7\"\n         class=\"c-section c-section--background-white -rich-text-image \">\n  <div class=\"c-rich-text-image \">\n    <div class=\"container\">\n      <div class=\"grid\">\n        <div class=\"c-rich-text-image__col\">\n          <div class=\"c-rich-text-image__info\">\n            <div class=\"c-icon\">\n                              <img class=\"u-lazy\" data-src=\"https:\/\/fcrmedia.be\/wp-content\/uploads\/2023\/07\/sitee-icon.png\" alt=\"Sitee-Logo\" width=\"32\" height=\"32\">\n                          <\/div>\n                          <h2 class=\"c-rich-text-image__title\">RENDEZ-VOUS EN LIGNE 24 H\/24, 7 J\/7<\/h2>\n                      <\/div>\n                      <div class=\"c-rich-text-image__desc\">\n              <p>Facilitez la t\u00e2che de vos clients<\/p>\n<p>Permettez \u00e0 vos clients de prendre rendez-vous o\u00f9 et quand ils le souhaitent, \u00e0 l\u2019heure qui leur convient le mieux, avec vous ou un membre de l\u2019\u00e9quipe de leur choix. Gr\u00e2ce \u00e0 notre logiciel, la prise de rendez-vous est possible par le biais de votre site web, de Facebook ou de Google.<\/p>\n\n            <\/div>\n                            <\/div>\n        <div class=\"c-rich-text-image__col\">\n          <div class=\"c-rich-text-image__pic\">\n                                      <div class=\"c-rich-text-image__img-big \">\n                <picture>\n                  <source type=\"image\/jpeg\" media=\"(min-width: 1440px)\"\n                          data-srcset=\"https:\/\/fcrmedia.be\/wp-content\/uploads\/2023\/07\/Klantenbeheer-1.jpg\">\n                  <source type=\"image\/jpeg\" media=\"(min-width: 1000px)\"\n                          data-srcset=\"https:\/\/fcrmedia.be\/wp-content\/uploads\/2023\/07\/Klantenbeheer-1.jpg\">\n                  <source type=\"image\/jpeg\" media=\"(min-width: 480px)\"\n                          data-srcset=\"https:\/\/fcrmedia.be\/wp-content\/uploads\/2023\/07\/Klantenbeheer-1.jpg\">\n                  <img class=\"c-image-mask c-image-mask--angle-cw u-lazy \"\n                       data-src=\"https:\/\/fcrmedia.be\/wp-content\/uploads\/2023\/07\/Klantenbeheer-1.jpg\" alt=\"Klantenbeheer sitee\"\n                       width=\"2000\" height=\"2000\">\n                <\/picture>\n              <\/div>\n                                  <\/div>\n        <\/div>\n      <\/div>\n    <\/div>\n  <\/div>\n<\/section>\n\n<section id=\"block-rich-text-image-block_d24809ec7c3f0fe4f62095025da23963\"\n         class=\"c-section c-section--background-lighter-blue -rich-text-image \">\n  <div class=\"c-rich-text-image c-rich-text-image--reverse\">\n    <div class=\"container\">\n      <div class=\"grid\">\n        <div class=\"c-rich-text-image__col\">\n          <div class=\"c-rich-text-image__info\">\n            <div class=\"c-icon\">\n                              <img class=\"u-lazy\" data-src=\"https:\/\/fcrmedia.be\/wp-content\/uploads\/2023\/07\/sitee-icon.png\" alt=\"Sitee-Logo\" width=\"32\" height=\"32\">\n                          <\/div>\n                          <h2 class=\"c-rich-text-image__title\">CONFIRMATIONS AUTOMATIQUES<\/h2>\n                      <\/div>\n                      <div class=\"c-rich-text-image__desc\">\n              <p>\u00c9vitez les no-shows<\/p>\n<p>Gr\u00e2ce aux confirmations et aux rappels automatiques, vous r\u00e9duisez le nombre de d\u00e9sistements et fid\u00e9lisez sans effort vos clients. Demandez des acomptes pour les r\u00e9servations en ligne, fixez-en facilement le montant et acceptez diff\u00e9rents modes de paiement.<\/p>\n\n            <\/div>\n                            <\/div>\n        <div class=\"c-rich-text-image__col\">\n          <div class=\"c-rich-text-image__pic\">\n                                      <div class=\"c-rich-text-image__img-big \">\n                <picture>\n                  <source type=\"image\/jpeg\" media=\"(min-width: 1440px)\"\n                          data-srcset=\"https:\/\/fcrmedia.be\/wp-content\/uploads\/2023\/07\/Hero-18.jpg\">\n                  <source type=\"image\/jpeg\" media=\"(min-width: 1000px)\"\n                          data-srcset=\"https:\/\/fcrmedia.be\/wp-content\/uploads\/2023\/07\/Hero-18.jpg\">\n                  <source type=\"image\/jpeg\" media=\"(min-width: 480px)\"\n                          data-srcset=\"https:\/\/fcrmedia.be\/wp-content\/uploads\/2023\/07\/Hero-18.jpg\">\n                  <img class=\"c-image-mask c-image-mask--angle-cw u-lazy \"\n                       data-src=\"https:\/\/fcrmedia.be\/wp-content\/uploads\/2023\/07\/Hero-18.jpg\" alt=\"hero sitee\"\n                       width=\"2000\" height=\"2000\">\n                <\/picture>\n              <\/div>\n                                  <\/div>\n        <\/div>\n      <\/div>\n    <\/div>\n  <\/div>\n<\/section>\n\n<section id=\"block-rich-text-image-block_11219d786e9ca7141ab1804ee37c3390\"\n         class=\"c-section c-section--background-white -rich-text-image \">\n  <div class=\"c-rich-text-image \">\n    <div class=\"container\">\n      <div class=\"grid\">\n        <div class=\"c-rich-text-image__col\">\n          <div class=\"c-rich-text-image__info\">\n            <div class=\"c-icon\">\n                              <img class=\"u-lazy\" data-src=\"https:\/\/fcrmedia.be\/wp-content\/uploads\/2023\/07\/sitee-icon.png\" alt=\"Sitee-Logo\" width=\"32\" height=\"32\">\n                          <\/div>\n                          <h2 class=\"c-rich-text-image__title\">PORTAIL CLIENT EN LIGNE<\/h2>\n                      <\/div>\n                      <div class=\"c-rich-text-image__desc\">\n              <p>Proposez un portail personnalis\u00e9 \u00e0 vos clients<\/p>\n<p>Avec un portail client personnalis\u00e9, vous offrez \u00e0 vos clients un acc\u00e8s \u00e0 leurs rendez-vous, devis et factures. Vous permettez \u00e0 vos clients de communiquer directement avec vous, ce qui cr\u00e9e un sentiment d\u2019exclusivit\u00e9 et de confiance tout en vous faisant gagner beaucoup de temps.<\/p>\n\n            <\/div>\n                            <\/div>\n        <div class=\"c-rich-text-image__col\">\n          <div class=\"c-rich-text-image__pic\">\n                                      <div class=\"c-rich-text-image__img-big \">\n                <picture>\n                  <source type=\"image\/jpeg\" media=\"(min-width: 1440px)\"\n                          data-srcset=\"https:\/\/fcrmedia.be\/wp-content\/uploads\/2023\/07\/Klantenportaal-2.jpg\">\n                  <source type=\"image\/jpeg\" media=\"(min-width: 1000px)\"\n                          data-srcset=\"https:\/\/fcrmedia.be\/wp-content\/uploads\/2023\/07\/Klantenportaal-2.jpg\">\n                  <source type=\"image\/jpeg\" media=\"(min-width: 480px)\"\n                          data-srcset=\"https:\/\/fcrmedia.be\/wp-content\/uploads\/2023\/07\/Klantenportaal-2.jpg\">\n                  <img class=\"c-image-mask c-image-mask--angle-cw u-lazy \"\n                       data-src=\"https:\/\/fcrmedia.be\/wp-content\/uploads\/2023\/07\/Klantenportaal-2.jpg\" alt=\"Klantenportaal_sitee\"\n                       width=\"2000\" height=\"2000\">\n                <\/picture>\n              <\/div>\n                                  <\/div>\n        <\/div>\n      <\/div>\n    <\/div>\n  <\/div>\n<\/section>\n\n<section id=\"block-rich-text-image-block_f1a23ea11320660e42848f0ce61092f6\"\n         class=\"c-section c-section--background-lighter-blue -rich-text-image \">\n  <div class=\"c-rich-text-image c-rich-text-image--reverse\">\n    <div class=\"container\">\n      <div class=\"grid\">\n        <div class=\"c-rich-text-image__col\">\n          <div class=\"c-rich-text-image__info\">\n            <div class=\"c-icon\">\n                              <img class=\"u-lazy\" data-src=\"https:\/\/fcrmedia.be\/wp-content\/uploads\/2023\/07\/sitee-icon.png\" alt=\"Sitee-Logo\" width=\"32\" height=\"32\">\n                          <\/div>\n                          <h2 class=\"c-rich-text-image__title\">GESTION DE LA R\u00c9PUTATION EN LIGNE<\/h2>\n                      <\/div>\n                      <div class=\"c-rich-text-image__desc\">\n              <p>Am\u00e9liorez votre r\u00e9putation en ligne et obtenez des avis 5 \u00e9toiles<\/p>\n<p>G\u00e9rez et prot\u00e9gez votre r\u00e9putation en ligne. G\u00e9n\u00e9rez plus d\u2019avis, recevez des notifications automatiques lors de la publication de nouveaux avis sur Google, Facebook et d\u2019autres plateformes. R\u00e9agissez rapidement et \u00e9tablissez une relation de confiance avec les clients potentiels et existants.<\/p>\n\n            <\/div>\n                            <\/div>\n        <div class=\"c-rich-text-image__col\">\n          <div class=\"c-rich-text-image__pic\">\n                                      <div class=\"c-rich-text-image__img-big \">\n                <picture>\n                  <source type=\"image\/jpeg\" media=\"(min-width: 1440px)\"\n                          data-srcset=\"https:\/\/fcrmedia.be\/wp-content\/uploads\/2023\/07\/Reputatiemanagement-1.jpg\">\n                  <source type=\"image\/jpeg\" media=\"(min-width: 1000px)\"\n                          data-srcset=\"https:\/\/fcrmedia.be\/wp-content\/uploads\/2023\/07\/Reputatiemanagement-1.jpg\">\n                  <source type=\"image\/jpeg\" media=\"(min-width: 480px)\"\n                          data-srcset=\"https:\/\/fcrmedia.be\/wp-content\/uploads\/2023\/07\/Reputatiemanagement-1.jpg\">\n                  <img class=\"c-image-mask c-image-mask--angle-cw u-lazy \"\n                       data-src=\"https:\/\/fcrmedia.be\/wp-content\/uploads\/2023\/07\/Reputatiemanagement-1.jpg\" alt=\"Reputatiemanagement_sitee\"\n                       width=\"2000\" height=\"2000\">\n                <\/picture>\n              <\/div>\n                                  <\/div>\n        <\/div>\n      <\/div>\n    <\/div>\n  <\/div>\n<\/section>\n\n<section id=\"block-rich-text-image-block_44c6006d1772046c78701619c8805666\"\n         class=\"c-section c-section--background-white -rich-text-image \">\n  <div class=\"c-rich-text-image \">\n    <div class=\"container\">\n      <div class=\"grid\">\n        <div class=\"c-rich-text-image__col\">\n          <div class=\"c-rich-text-image__info\">\n            <div class=\"c-icon\">\n                              <img class=\"u-lazy\" data-src=\"https:\/\/fcrmedia.be\/wp-content\/uploads\/2023\/07\/sitee-icon.png\" alt=\"Sitee-Logo\" width=\"32\" height=\"32\">\n                          <\/div>\n                          <h2 class=\"c-rich-text-image__title\">MARKETING PAR E-MAIL ET PAR SMS<\/h2>\n                      <\/div>\n                      <div class=\"c-rich-text-image__desc\">\n              <p>Devenez un(e) pro du marketing<\/p>\n<p>Gr\u00e2ce \u00e0 notre logiciel de marketing par e-mail et par SMS, vous pouvez cr\u00e9er des campagnes professionnelles et fructueuses en quelques clics. Utilisez des mod\u00e8les de campagne pr\u00e9d\u00e9finis et envoyez des v\u0153ux d\u2019anniversaire, des promotions sp\u00e9ciales, des bulletins d\u2019information ou des notes de remerciement.<\/p>\n\n            <\/div>\n                            <\/div>\n        <div class=\"c-rich-text-image__col\">\n          <div class=\"c-rich-text-image__pic\">\n                                      <div class=\"c-rich-text-image__img-big \">\n                <picture>\n                  <source type=\"image\/jpeg\" media=\"(min-width: 1440px)\"\n                          data-srcset=\"https:\/\/fcrmedia.be\/wp-content\/uploads\/2023\/07\/E-mail_SMS_Marketing-2.jpg\">\n                  <source type=\"image\/jpeg\" media=\"(min-width: 1000px)\"\n                          data-srcset=\"https:\/\/fcrmedia.be\/wp-content\/uploads\/2023\/07\/E-mail_SMS_Marketing-2.jpg\">\n                  <source type=\"image\/jpeg\" media=\"(min-width: 480px)\"\n                          data-srcset=\"https:\/\/fcrmedia.be\/wp-content\/uploads\/2023\/07\/E-mail_SMS_Marketing-2.jpg\">\n                  <img class=\"c-image-mask c-image-mask--angle-cw u-lazy \"\n                       data-src=\"https:\/\/fcrmedia.be\/wp-content\/uploads\/2023\/07\/E-mail_SMS_Marketing-2.jpg\" alt=\"E-mail_SMS_Marketing_sitee\"\n                       width=\"2000\" height=\"2000\">\n                <\/picture>\n              <\/div>\n                                  <\/div>\n        <\/div>\n      <\/div>\n    <\/div>\n  <\/div>\n<\/section>\n\n<section id=\"block-rich-text-image-block_1ba8cda3edfb811b44b5e448a2378c9f\"\n         class=\"c-section c-section--background-lighter-blue -rich-text-image \">\n  <div class=\"c-rich-text-image c-rich-text-image--reverse\">\n    <div class=\"container\">\n      <div class=\"grid\">\n        <div class=\"c-rich-text-image__col\">\n          <div class=\"c-rich-text-image__info\">\n            <div class=\"c-icon\">\n                              <img class=\"u-lazy\" data-src=\"https:\/\/fcrmedia.be\/wp-content\/uploads\/2021\/10\/icon-social-media.svg\" alt=\"icon-social-media\" width=\"32\" height=\"32\">\n                          <\/div>\n                          <h2 class=\"c-rich-text-image__title\">FORMEZ-VOUS GRATUITEMENT GR\u00c2CE \u00c0 NOS WEBINAIRES POUR COIFFEURS<\/h2>\n                      <\/div>\n                      <div class=\"c-rich-text-image__desc\">\n              <p>Vous souhaitez vous familiariser rapidement et facilement avec le marketing digital d\u00e9di\u00e9 aux coiffeurs ? Inscrivez-vous \u00e0 nos webinaires gratuits et mettez imm\u00e9diatement vos nouvelles connaissances en pratique pour promouvoir votre salon en ligne !<\/p>\n\n            <\/div>\n                                <div class=\"c-rich-text-image__action\">\n              <a href=\"https:\/\/experience.fcrmedia.be\/fr\/febelhair\/webinar\/ratings-and-reviews\/20230904?utm_source=Febelhair&#038;utm_medium=Partner&#038;utm_campaign=Webinar-Ratings-And-Reviews\" title=\"Inscrivez-vous !\" target=\"_blank\"\n                 class=\"c-button c-button--default c-button--primary\">\n                Inscrivez-vous !\n              <\/a>\n            <\/div>\n                  <\/div>\n        <div class=\"c-rich-text-image__col\">\n          <div class=\"c-rich-text-image__pic\">\n                                      <div class=\"c-rich-text-image__img-big \">\n                <picture>\n                  <source type=\"image\/png\" media=\"(min-width: 1440px)\"\n                          data-srcset=\"https:\/\/fcrmedia.be\/wp-content\/uploads\/2023\/01\/hero.png\">\n                  <source type=\"image\/png\" media=\"(min-width: 1000px)\"\n                          data-srcset=\"https:\/\/fcrmedia.be\/wp-content\/uploads\/2023\/01\/hero.png\">\n                  <source type=\"image\/png\" media=\"(min-width: 480px)\"\n                          data-srcset=\"https:\/\/fcrmedia.be\/wp-content\/uploads\/2023\/01\/hero-1000x569.png\">\n                  <img class=\"c-image-mask c-image-mask--angle-ccw u-lazy \"\n                       data-src=\"https:\/\/fcrmedia.be\/wp-content\/uploads\/2023\/01\/hero-600x342.png\" alt=\"webinar landing page image\"\n                       width=\"1200\" height=\"683\">\n                <\/picture>\n              <\/div>\n                                  <\/div>\n        <\/div>\n      <\/div>\n    <\/div>\n  <\/div>\n<\/section>\n\n<section id=\"block-tools-slider-block_753493e40c778d8a77732d64b83ae983\" class=\"c-section c-section--background-light-blue -block-tools-slider \">\n  <div class=\"c-tools-slider\">\n    <div class=\"c-tools-slider__head\">\n      <div class=\"container\">\n        <div class=\"row\">\n          <div class=\"c-tools-slider__title-col\">\n                        <h2 class=\"c-tools-slider__title\">Blogs pour coiffeurs<\/h2>\n                        <div class=\"c-tools-slier__intro\">\n              <p>Webinaire manqu\u00e9\u00a0? Aucun probl\u00e8me! Vous pouvez lire ici les informations que nous avons d\u00e9j\u00e0 partag\u00e9es avec les coiffeurs.<\/p>\n\n            <\/div>\n          <\/div>\n                  <\/div>\n      <\/div>\n    <\/div>\n    \n    <div class=\"c-tools-slider__body\">\n      <div class=\"container\">\n        <div class=\"c-tools-slider__swiper swiper\">\n          <div class=\"swiper-wrapper\">\n                        <div class=\"swiper-slide\">\n              \n                            <a class=\"c-card\" href=\"https:\/\/fcrmedia.be\/fr\/tip\/la-reputation-en-ligne-des-coiffeurs\/\" title=\"LA R\u00c9PUTATION EN LIGNE DES COIFFEURS\" >\n              \n                                <div class=\"c-card__picture\">\n                  <img class=\"swiper-lazy u-object-fit\" data-src=\"https:\/\/fcrmedia.be\/wp-content\/uploads\/2023\/09\/reputation-en-ligne-coiffeurs.jpg\" alt=\"reputation en ligne coiffeurs\">\n                <\/div>\n                                <div class=\"c-card__body\">\n                  <div class=\"c-card__intro\">\n                                        <h5 class=\"c-card__title\">LA R\u00c9PUTATION EN LIGNE DES COIFFEURS<\/h5>\n                                                          <\/div>\n                  <div class=\"c-card__details\">\n                                          <span class=\"c-card__category\">4 septembre 2023<\/span>\n                    \n                                        <span class=\"c-card__middot\">&middot;<\/span>\n                    <span class=\"c-card__time\">3 minutes<\/span>\n                                      <\/div>\n                <\/div>\n\n                            <\/a>\n                \n              \n            <\/div>\n                      <\/div>\n        <\/div>\n      <\/div>\n      <div class=\"c-tools-slider__pagination\"><\/div>\n    <\/div>\n      <\/div>\n<\/section>\n\n<section id=\"block-cta-block_b7aa3ea5a21b1b7a4a29eb29091c6627\" class=\"c-section c-section--background-darker-blue -cta-services \">\n  <div class=\"c-cta-services\">\n    <div class=\"container\">\n            <h2 class=\"c-cta-services__title\">MAIS ATTENDEZ, CE N\u2019EST PAS <span class=\"u-color-white\">TOUT<\/span><\/h2>\n                  <p class=\"c-cta-services__intro\">Vous \u00eates membre de Febelhair, mais pas encore client de FCR Media ? Vous b\u00e9n\u00e9ficiez dans ce cas d\u2019une r\u00e9duction de 15 % sur tous nos services de marketing digital, \u00e0 l\u2019exception des frais de m\u00e9dias ! Jetez vite un coup d\u2019\u0153il \u00e0 notre offre.<\/p>\n                        <div class=\"c-cta-services__action\">\n        <a href=\"https:\/\/fcrmedia.be\/fr\/notre-mission\/\" title=\"D\u00e9couvrez toutes nos solutions\"  class=\"c-button c-button--default c-button--primary\">\n          D\u00e9couvrez toutes nos solutions\n        <\/a>\n      <\/div>\n          <\/div>\n  <\/div>\n<\/section>","protected":false},"excerpt":{"rendered":"","protected":false},"author":24,"featured_media":0,"parent":0,"menu_order":0,"comment_status":"closed","ping_status":"closed","template":"","meta":{"_acf_changed":false,"footnotes":""},"class_list":["post-4582","page","type-page","status-publish","hentry"],"acf":[],"yoast_head":"<!-- This site is optimized with the Yoast SEO plugin v27.1.1 - https:\/\/yoast.com\/product\/yoast-seo-wordpress\/ -->\n<title>Febelhair - FCR Media<\/title>\n<meta name=\"description\" content=\"FCR Media est le fier partenaire de Febelhair. Nous mettons tout en \u0153uvre pour apporter un accompagnement digital aux coiffeurs !\" \/>\n<meta name=\"robots\" content=\"index, follow, max-snippet:-1, max-image-preview:large, max-video-preview:-1\" \/>\n<link rel=\"canonical\" href=\"https:\/\/fcrmedia.be\/fr\/partenaire-febelhair\/\" \/>\n<meta property=\"og:locale\" content=\"fr_FR\" \/>\n<meta property=\"og:type\" content=\"article\" \/>\n<meta property=\"og:title\" content=\"Febelhair - FCR Media\" \/>\n<meta property=\"og:description\" content=\"FCR Media est le fier partenaire de Febelhair. Nous mettons tout en \u0153uvre pour apporter un accompagnement digital aux coiffeurs !\" \/>\n<meta property=\"og:url\" content=\"https:\/\/fcrmedia.be\/fr\/partenaire-febelhair\/\" \/>\n<meta property=\"og:site_name\" content=\"FCR Media\" \/>\n<meta property=\"article:modified_time\" content=\"2024-02-20T14:31:11+00:00\" \/>\n<meta name=\"twitter:card\" content=\"summary_large_image\" \/>\n<script type=\"application\/ld+json\" class=\"yoast-schema-graph\">{\"@context\":\"https:\/\/schema.org\",\"@graph\":[{\"@type\":\"WebPage\",\"@id\":\"https:\/\/fcrmedia.be\/fr\/partenaire-febelhair\/\",\"url\":\"https:\/\/fcrmedia.be\/fr\/partenaire-febelhair\/\",\"name\":\"Febelhair - FCR Media\",\"isPartOf\":{\"@id\":\"https:\/\/fcrmedia.be\/fr\/#website\"},\"datePublished\":\"2023-04-07T11:43:51+00:00\",\"dateModified\":\"2024-02-20T14:31:11+00:00\",\"description\":\"FCR Media est le fier partenaire de Febelhair. Nous mettons tout en \u0153uvre pour apporter un accompagnement digital aux coiffeurs !\",\"breadcrumb\":{\"@id\":\"https:\/\/fcrmedia.be\/fr\/partenaire-febelhair\/#breadcrumb\"},\"inLanguage\":\"fr-FR\",\"potentialAction\":[{\"@type\":\"ReadAction\",\"target\":[\"https:\/\/fcrmedia.be\/fr\/partenaire-febelhair\/\"]}]},{\"@type\":\"BreadcrumbList\",\"@id\":\"https:\/\/fcrmedia.be\/fr\/partenaire-febelhair\/#breadcrumb\",\"itemListElement\":[{\"@type\":\"ListItem\",\"position\":1,\"name\":\"Home\",\"item\":\"https:\/\/fcrmedia.be\/fr\/\"},{\"@type\":\"ListItem\",\"position\":2,\"name\":\"Febelhair\"}]},{\"@type\":\"WebSite\",\"@id\":\"https:\/\/fcrmedia.be\/fr\/#website\",\"url\":\"https:\/\/fcrmedia.be\/fr\/\",\"name\":\"FCR Media\",\"description\":\"FCR Media - Marketing Services\",\"publisher\":{\"@id\":\"https:\/\/fcrmedia.be\/fr\/#organization\"},\"potentialAction\":[{\"@type\":\"SearchAction\",\"target\":{\"@type\":\"EntryPoint\",\"urlTemplate\":\"https:\/\/fcrmedia.be\/fr\/?s={search_term_string}\"},\"query-input\":{\"@type\":\"PropertyValueSpecification\",\"valueRequired\":true,\"valueName\":\"search_term_string\"}}],\"inLanguage\":\"fr-FR\"},{\"@type\":\"Organization\",\"@id\":\"https:\/\/fcrmedia.be\/fr\/#organization\",\"name\":\"FCR media\",\"url\":\"https:\/\/fcrmedia.be\/fr\/\",\"logo\":{\"@type\":\"ImageObject\",\"inLanguage\":\"fr-FR\",\"@id\":\"https:\/\/fcrmedia.be\/fr\/#\/schema\/logo\/image\/\",\"url\":\"https:\/\/fcrmedia.be\/wp-content\/uploads\/2021\/10\/Full-logo.svg\",\"contentUrl\":\"https:\/\/fcrmedia.be\/wp-content\/uploads\/2021\/10\/Full-logo.svg\",\"width\":146,\"height\":62,\"caption\":\"FCR media\"},\"image\":{\"@id\":\"https:\/\/fcrmedia.be\/fr\/#\/schema\/logo\/image\/\"}}]}<\/script>\n<!-- \/ Yoast SEO plugin. -->","yoast_head_json":{"title":"Febelhair - FCR Media","description":"FCR Media est le fier partenaire de Febelhair. Nous mettons tout en \u0153uvre pour apporter un accompagnement digital aux coiffeurs !","robots":{"index":"index","follow":"follow","max-snippet":"max-snippet:-1","max-image-preview":"max-image-preview:large","max-video-preview":"max-video-preview:-1"},"canonical":"https:\/\/fcrmedia.be\/fr\/partenaire-febelhair\/","og_locale":"fr_FR","og_type":"article","og_title":"Febelhair - FCR Media","og_description":"FCR Media est le fier partenaire de Febelhair. Nous mettons tout en \u0153uvre pour apporter un accompagnement digital aux coiffeurs !","og_url":"https:\/\/fcrmedia.be\/fr\/partenaire-febelhair\/","og_site_name":"FCR Media","article_modified_time":"2024-02-20T14:31:11+00:00","twitter_card":"summary_large_image","schema":{"@context":"https:\/\/schema.org","@graph":[{"@type":"WebPage","@id":"https:\/\/fcrmedia.be\/fr\/partenaire-febelhair\/","url":"https:\/\/fcrmedia.be\/fr\/partenaire-febelhair\/","name":"Febelhair - FCR Media","isPartOf":{"@id":"https:\/\/fcrmedia.be\/fr\/#website"},"datePublished":"2023-04-07T11:43:51+00:00","dateModified":"2024-02-20T14:31:11+00:00","description":"FCR Media est le fier partenaire de Febelhair. Nous mettons tout en \u0153uvre pour apporter un accompagnement digital aux coiffeurs !","breadcrumb":{"@id":"https:\/\/fcrmedia.be\/fr\/partenaire-febelhair\/#breadcrumb"},"inLanguage":"fr-FR","potentialAction":[{"@type":"ReadAction","target":["https:\/\/fcrmedia.be\/fr\/partenaire-febelhair\/"]}]},{"@type":"BreadcrumbList","@id":"https:\/\/fcrmedia.be\/fr\/partenaire-febelhair\/#breadcrumb","itemListElement":[{"@type":"ListItem","position":1,"name":"Home","item":"https:\/\/fcrmedia.be\/fr\/"},{"@type":"ListItem","position":2,"name":"Febelhair"}]},{"@type":"WebSite","@id":"https:\/\/fcrmedia.be\/fr\/#website","url":"https:\/\/fcrmedia.be\/fr\/","name":"FCR Media","description":"FCR Media - Marketing Services","publisher":{"@id":"https:\/\/fcrmedia.be\/fr\/#organization"},"potentialAction":[{"@type":"SearchAction","target":{"@type":"EntryPoint","urlTemplate":"https:\/\/fcrmedia.be\/fr\/?s={search_term_string}"},"query-input":{"@type":"PropertyValueSpecification","valueRequired":true,"valueName":"search_term_string"}}],"inLanguage":"fr-FR"},{"@type":"Organization","@id":"https:\/\/fcrmedia.be\/fr\/#organization","name":"FCR media","url":"https:\/\/fcrmedia.be\/fr\/","logo":{"@type":"ImageObject","inLanguage":"fr-FR","@id":"https:\/\/fcrmedia.be\/fr\/#\/schema\/logo\/image\/","url":"https:\/\/fcrmedia.be\/wp-content\/uploads\/2021\/10\/Full-logo.svg","contentUrl":"https:\/\/fcrmedia.be\/wp-content\/uploads\/2021\/10\/Full-logo.svg","width":146,"height":62,"caption":"FCR media"},"image":{"@id":"https:\/\/fcrmedia.be\/fr\/#\/schema\/logo\/image\/"}}]}},"_links":{"self":[{"href":"https:\/\/fcrmedia.be\/fr\/wp-json\/wp\/v2\/pages\/4582","targetHints":{"allow":["GET"]}}],"collection":[{"href":"https:\/\/fcrmedia.be\/fr\/wp-json\/wp\/v2\/pages"}],"about":[{"href":"https:\/\/fcrmedia.be\/fr\/wp-json\/wp\/v2\/types\/page"}],"author":[{"embeddable":true,"href":"https:\/\/fcrmedia.be\/fr\/wp-json\/wp\/v2\/users\/24"}],"replies":[{"embeddable":true,"href":"https:\/\/fcrmedia.be\/fr\/wp-json\/wp\/v2\/comments?post=4582"}],"version-history":[{"count":5,"href":"https:\/\/fcrmedia.be\/fr\/wp-json\/wp\/v2\/pages\/4582\/revisions"}],"predecessor-version":[{"id":6473,"href":"https:\/\/fcrmedia.be\/fr\/wp-json\/wp\/v2\/pages\/4582\/revisions\/6473"}],"wp:attachment":[{"href":"https:\/\/fcrmedia.be\/fr\/wp-json\/wp\/v2\/media?parent=4582"}],"curies":[{"name":"wp","href":"https:\/\/api.w.org\/{rel}","templated":true}]}}